{"id":2302,"date":"2025-05-22T11:49:38","date_gmt":"2025-05-22T11:49:38","guid":{"rendered":"https:\/\/elsninets.com\/escuelas\/aula-bressol\/"},"modified":"2025-05-22T11:49:38","modified_gmt":"2025-05-22T11:49:38","slug":"aula-bressol","status":"publish","type":"escuelas","link":"https:\/\/elsninets.com\/ca\/escuelas\/aula-bressol\/","title":{"rendered":"Aula bressol"},"content":{"rendered":"<h2 data-start=\"555\" data-end=\"1075\">Aula Sensorial per a nadons (4 a 12 mesos) \u2013 Espai Bressol a La Xara<\/h2>\n<p><br data-start=\"629\" data-end=\"632\">A Els Ninets vam inaugurar al juny de 2025 un nou <strong data-start=\"684\" data-end=\"701\">Espai Bressol<\/strong> a <strong data-start=\"705\" data-end=\"716\">La Xara<\/strong> , pensat per acompanyar les fam\u00edlies que finalitzen el seu perm\u00eds de maternitat o paternitat i desitgen un entorn segur, c\u00e0lid i estimulant per al nad\u00f3.<br data-start=\"870\" data-end=\"873\"> Amb horari de <strong data-start=\"888\" data-end=\"906\">8:00 a 15:00 h<\/strong> , aquesta aula est\u00e0 especialment dissenyada per a nadons de <strong data-start=\"960\" data-end=\"976\">4 a 12 mesos<\/strong> , on cada nen o nena rep atenci\u00f3 personalitzada, respectant els seus ritmes i necessitats \u00faniques.<\/p>\n<p class=\"\" data-start=\"1077\" data-end=\"1292\">La nostra metodologia es basa en una <strong data-start=\"1112\" data-end=\"1142\">crian\u00e7a lliure i respectuosa<\/strong> , amb escolta activa cap a cada nad\u00f3 i la seva fam\u00edlia. Fomentem l&#8217;exploraci\u00f3 a trav\u00e9s d&#8217;activitats sensorials que n&#8217;estimulen el desenvolupament integral: <\/p>\n<p class=\"\" data-start=\"1294\" data-end=\"1510\">\ud83e\udde0 Activitats logicomatem\u00e0tiques<br data-start=\"1327\" data-end=\"1330\"> \ud83c\udfb6 Estimulaci\u00f3 musical i contacontes<br data-start=\"1369\" data-end=\"1372\"> \ud83e\udd32 Jocs manipulatius i motricitat<br data-start=\"1408\" data-end=\"1411\"> \ud83c\udf3f Exploraci\u00f3 amb textures, aigua i elements naturals<br data-start=\"1466\" data-end=\"1469\"> \ud83d\udc9a Activitats d&#8217;autoconfian\u00e7a i vincle<\/p>\n<p class=\"\" data-start=\"1512\" data-end=\"1688\">Despr\u00e9s d \u201canys d\u201d experi\u00e8ncia a D\u00e9nia, ara traslladem aquesta proposta a La Xara, oferint un lloc on el teu beb\u00e8 pugui cr\u00e9ixer, experimentar i sentir-se tan cuidat com a casa.<\/p>\n<p class=\"\" data-start=\"1690\" data-end=\"1818\">\ud83d\udccd <strong data-start=\"1693\" data-end=\"1707\">Ubicaci\u00f3:<\/strong> La Xara<br data-start=\"1777\" data-end=\"1780\"> \ud83c\udf7c <strong data-start=\"1783\" data-end=\"1807\">Inici d&#8217;activitat:<\/strong> Setembre 2025<\/p>\n","protected":false},"featured_media":2240,"template":"","class_list":["post-2302","escuelas","type-escuelas","status-publish","has-post-thumbnail","hentry"],"_links":{"self":[{"href":"https:\/\/elsninets.com\/ca\/wp-json\/wp\/v2\/escuelas\/2302","targetHints":{"allow":["GET"]}}],"collection":[{"href":"https:\/\/elsninets.com\/ca\/wp-json\/wp\/v2\/escuelas"}],"about":[{"href":"https:\/\/elsninets.com\/ca\/wp-json\/wp\/v2\/types\/escuelas"}],"wp:featuredmedia":[{"embeddable":true,"href":"https:\/\/elsninets.com\/ca\/wp-json\/wp\/v2\/media\/2240"}],"wp:attachment":[{"href":"https:\/\/elsninets.com\/ca\/wp-json\/wp\/v2\/media?parent=2302"}],"curies":[{"name":"wp","href":"https:\/\/api.w.org\/{rel}","templated":true}]}}